{"id":12995,"date":"2019-01-30T20:21:33","date_gmt":"2019-01-30T20:21:33","guid":{"rendered":"https:\/\/www.bardeni.es\/home\/"},"modified":"2026-03-20T09:58:55","modified_gmt":"2026-03-20T08:58:55","slug":"home","status":"publish","type":"page","link":"https:\/\/www.bardeni.es\/en\/","title":{"rendered":"Home"},"content":{"rendered":"<p>[vc_row full_width=&#8221;stretch_row_content_no_spaces&#8221; bg_color_select=&#8221;black&#8221; theme_section=&#8221;displaced-top&#8221;][vc_column]<div class=\"slider-zoom  zoom-default  zoom-style-default  zoom-origin-center-center  ltx-zs-overlay-black  bullets-false  zoom-content-effect-fade-top  zoom-arrows-false  zoom-margin-top \" id=\"like_sc_zoom_slider_576461860\" data-zs-prev=\"\" data-zs-next=\"\" data-zs-overlay=\"black\" data-zs-initzoom=\"1.2\" data-zs-speed=\"20000\" data-zs-interval=\"6500\" data-zs-switchSpeed=\"7000\" data-zs-arrows=\"false\" data-zs-bullets=\"false\" data-zs-src='[&#34;https:\\\/\\\/www.bardeni.es\\\/wp-content\\\/uploads\\\/2020\\\/06\\\/SALA-CD.jpg&#34;,&#34;https:\\\/\\\/www.bardeni.es\\\/wp-content\\\/uploads\\\/2020\\\/05\\\/la-nostra-carta-scaled.jpg&#34;]'><div class=\"container ltx-zs-slider-wrapper\"><div class=\"ltx-zs-slider-inner  inited visible  ltx-zs-slide-0\" data-index=\"0\"><p>[vc_row content_placement=&#8221;bottom&#8221; text_align=&#8221;center&#8221;][vc_column offset=&#8221;vc_col-lg-12 vc_col-md-12&#8243;]<div class=\"es-resp\">\t<div class=\"visible-xl\" style=\"height: 150px;\"><\/div>\t<div class=\"hidden-xl hidden-md hidden-sm hidden-ms hidden-xs\" style=\"height: 190px;\"><\/div>\t<div class=\"visible-md\" style=\"height: 100px;\"><\/div>\t<div class=\"visible-sm \" style=\"height: 100px;\"><\/div>\t<div class=\"visible-ms\" style=\"height: 100px;\"><\/div>\t<div class=\"visible-xs\" style=\"height: 100px;\"><\/div><\/div>[vc_column_text]<\/p>\n<p style=\"text-align: center;\"><a href=\"https:\/\/guide.michelin.com\/es\/es\/catalunya\/barcelona\/restaurante\/bardeni-caldeni\" target=\"_blank\" rel=\"noopener\"><img loading=\"lazy\" decoding=\"async\" class=\"alignnone wp-image-18880\" src=\"https:\/\/www.bardeni.es\/wp-content\/uploads\/2020\/06\/Bib-Gourmand-MICHELIN_2026_Redondo_Rosso-2-300x300.png\" alt=\"\" width=\"150\" height=\"150\" srcset=\"https:\/\/www.bardeni.es\/wp-content\/uploads\/2020\/06\/Bib-Gourmand-MICHELIN_2026_Redondo_Rosso-2-300x300.png 300w, https:\/\/www.bardeni.es\/wp-content\/uploads\/2020\/06\/Bib-Gourmand-MICHELIN_2026_Redondo_Rosso-2-1024x1024.png 1024w, https:\/\/www.bardeni.es\/wp-content\/uploads\/2020\/06\/Bib-Gourmand-MICHELIN_2026_Redondo_Rosso-2-150x150.png 150w, https:\/\/www.bardeni.es\/wp-content\/uploads\/2020\/06\/Bib-Gourmand-MICHELIN_2026_Redondo_Rosso-2-768x768.png 768w, https:\/\/www.bardeni.es\/wp-content\/uploads\/2020\/06\/Bib-Gourmand-MICHELIN_2026_Redondo_Rosso-2-1536x1536.png 1536w, https:\/\/www.bardeni.es\/wp-content\/uploads\/2020\/06\/Bib-Gourmand-MICHELIN_2026_Redondo_Rosso-2-2048x2048.png 2048w, https:\/\/www.bardeni.es\/wp-content\/uploads\/2020\/06\/Bib-Gourmand-MICHELIN_2026_Redondo_Rosso-2-360x360.png 360w, https:\/\/www.bardeni.es\/wp-content\/uploads\/2020\/06\/Bib-Gourmand-MICHELIN_2026_Redondo_Rosso-2-600x600.png 600w, https:\/\/www.bardeni.es\/wp-content\/uploads\/2020\/06\/Bib-Gourmand-MICHELIN_2026_Redondo_Rosso-2-100x100.png 100w, https:\/\/www.bardeni.es\/wp-content\/uploads\/2020\/06\/Bib-Gourmand-MICHELIN_2026_Redondo_Rosso-2-24x24.png 24w, https:\/\/www.bardeni.es\/wp-content\/uploads\/2020\/06\/Bib-Gourmand-MICHELIN_2026_Redondo_Rosso-2-48x48.png 48w, https:\/\/www.bardeni.es\/wp-content\/uploads\/2020\/06\/Bib-Gourmand-MICHELIN_2026_Redondo_Rosso-2-96x96.png 96w, https:\/\/www.bardeni.es\/wp-content\/uploads\/2020\/06\/Bib-Gourmand-MICHELIN_2026_Redondo_Rosso-2-250x250.png 250w, https:\/\/www.bardeni.es\/wp-content\/uploads\/2020\/06\/Bib-Gourmand-MICHELIN_2026_Redondo_Rosso-2-140x140.png 140w, https:\/\/www.bardeni.es\/wp-content\/uploads\/2020\/06\/Bib-Gourmand-MICHELIN_2026_Redondo_Rosso-2-110x110.png 110w, https:\/\/www.bardeni.es\/wp-content\/uploads\/2020\/06\/Bib-Gourmand-MICHELIN_2026_Redondo_Rosso-2-275x275.png 275w, https:\/\/www.bardeni.es\/wp-content\/uploads\/2020\/06\/Bib-Gourmand-MICHELIN_2026_Redondo_Rosso-2-800x800.png 800w, https:\/\/www.bardeni.es\/wp-content\/uploads\/2020\/06\/Bib-Gourmand-MICHELIN_2026_Redondo_Rosso-2-550x550.png 550w\" sizes=\"auto, (max-width: 150px) 100vw, 150px\" \/><\/a><\/p>\n<p>[\/vc_column_text]<div class=\"heading heading-large header-subheader align-center color-white subcolor-white transform-default has-subheader theme-icon-second icon-type-hidden heading-tag-h1\" id=\"like_sc_header_1314525344\"><h6 class=\"subheader \">Dani Lechuga<\/h6><h1 data-text=\"BARDENI el meatbar\" class=\"header \">BARDENI el meatbar<\/h1><\/div><div class=\"es-resp\">\t<div class=\"visible-xl\" style=\"height: 20px;\"><\/div>\t<div class=\"hidden-xl hidden-md hidden-sm hidden-ms hidden-xs\" style=\"height: 20px;\"><\/div>\t<div class=\"visible-md\" style=\"height: 20px;\"><\/div>\t<div class=\"visible-sm \" style=\"height: 20px;\"><\/div>\t<div class=\"visible-ms\" style=\"height: 20px;\"><\/div>\t<div class=\"visible-xs\" style=\"height: 20px;\"><\/div><\/div><div class=\"ltx-content-width ltx-col-align-center ltx-block-align-left\" id=\"like_sc_content_width_1116840099\" style=\"max-width: 1000px\"><div class=\"ltx-wrapper\">[vc_column_text]&#8221;Since 2005 we have been a family business, very personal, that we are adapting in terms of hours and operation to have a family conciliation. <em>Les patrons sont toujours au front.<\/em>&#8221; Dani Lechuga[\/vc_column_text]<\/div><\/div><div class=\"es-resp\">\t<div class=\"visible-xl\" style=\"height: 60px;\"><\/div>\t<div class=\"hidden-xl hidden-md hidden-sm hidden-ms hidden-xs\" style=\"height: 60px;\"><\/div>\t<div class=\"visible-md\" style=\"height: 60px;\"><\/div>\t<div class=\"visible-sm \" style=\"height: 60px;\"><\/div>\t<div class=\"visible-ms\" style=\"height: 30px;\"><\/div>\t<div class=\"visible-xs\" style=\"height: 30px;\"><\/div><\/div><div class=\"btn-wrap\">\n\t<a href=\"\/en\/reservations\/\"  class=\"btn  btn-lg btn-main color-hover-default\" id=\"like_sc_button_286051668\">RESERVATIONS<\/a><\/div><div class=\"btn-wrap\">\n\t<a href=\"https:\/\/www.bardeni.es\/en\/our-menu\/\"  class=\"btn  btn-lg btn-main color-hover-white\" id=\"like_sc_button_1548825314\">OUR MENU<\/a><\/div><div class=\"es-resp\">\t<div class=\"visible-xl\" style=\"height: 60px;\"><\/div>\t<div class=\"hidden-xl hidden-md hidden-sm hidden-ms hidden-xs\" style=\"height: 60px;\"><\/div>\t<div class=\"visible-md\" style=\"height: 60px;\"><\/div>\t<div class=\"visible-sm \" style=\"height: 60px;\"><\/div>\t<div class=\"visible-ms\" style=\"height: 30px;\"><\/div>\t<div class=\"visible-xs\" style=\"height: 30px;\"><\/div><\/div>[\/vc_column][\/vc_row][vc_row][vc_column][\/vc_column][\/vc_row]<\/p>\n<\/div><div class=\"ltx-zs-slider-inner  ltx-zs-slide-1\" data-index=\"1\"><p>[vc_row content_placement=&#8221;bottom&#8221; text_align=&#8221;center&#8221;][vc_column offset=&#8221;vc_col-lg-12 vc_col-md-12&#8243;]<div class=\"es-resp\">\t<div class=\"visible-xl\" style=\"height: 150px;\"><\/div>\t<div class=\"hidden-xl hidden-md hidden-sm hidden-ms hidden-xs\" style=\"height: 190px;\"><\/div>\t<div class=\"visible-md\" style=\"height: 100px;\"><\/div>\t<div class=\"visible-sm \" style=\"height: 100px;\"><\/div>\t<div class=\"visible-ms\" style=\"height: 100px;\"><\/div>\t<div class=\"visible-xs\" style=\"height: 100px;\"><\/div><\/div>[vc_column_text]<\/p>\n<p style=\"text-align: center;\"><a href=\"https:\/\/guide.michelin.com\/es\/es\/catalunya\/barcelona\/restaurante\/bardeni-caldeni\" target=\"_blank\" rel=\"noopener\">\u00a0<\/a><a href=\"https:\/\/guide.michelin.com\/es\/es\/catalunya\/barcelona\/restaurante\/bardeni-caldeni\" target=\"_blank\" rel=\"noopener\"><img loading=\"lazy\" decoding=\"async\" class=\"alignnone wp-image-18883\" src=\"https:\/\/www.bardeni.es\/wp-content\/uploads\/2019\/12\/Bib-Gourmand-MICHELIN_2026_Redondo_Rosso-300x300.png\" alt=\"\" width=\"150\" height=\"150\" srcset=\"https:\/\/www.bardeni.es\/wp-content\/uploads\/2019\/12\/Bib-Gourmand-MICHELIN_2026_Redondo_Rosso-300x300.png 300w, https:\/\/www.bardeni.es\/wp-content\/uploads\/2019\/12\/Bib-Gourmand-MICHELIN_2026_Redondo_Rosso-1024x1024.png 1024w, https:\/\/www.bardeni.es\/wp-content\/uploads\/2019\/12\/Bib-Gourmand-MICHELIN_2026_Redondo_Rosso-150x150.png 150w, https:\/\/www.bardeni.es\/wp-content\/uploads\/2019\/12\/Bib-Gourmand-MICHELIN_2026_Redondo_Rosso-768x768.png 768w, https:\/\/www.bardeni.es\/wp-content\/uploads\/2019\/12\/Bib-Gourmand-MICHELIN_2026_Redondo_Rosso-1536x1536.png 1536w, https:\/\/www.bardeni.es\/wp-content\/uploads\/2019\/12\/Bib-Gourmand-MICHELIN_2026_Redondo_Rosso-2048x2048.png 2048w, https:\/\/www.bardeni.es\/wp-content\/uploads\/2019\/12\/Bib-Gourmand-MICHELIN_2026_Redondo_Rosso-360x360.png 360w, https:\/\/www.bardeni.es\/wp-content\/uploads\/2019\/12\/Bib-Gourmand-MICHELIN_2026_Redondo_Rosso-600x600.png 600w, https:\/\/www.bardeni.es\/wp-content\/uploads\/2019\/12\/Bib-Gourmand-MICHELIN_2026_Redondo_Rosso-100x100.png 100w, https:\/\/www.bardeni.es\/wp-content\/uploads\/2019\/12\/Bib-Gourmand-MICHELIN_2026_Redondo_Rosso-24x24.png 24w, https:\/\/www.bardeni.es\/wp-content\/uploads\/2019\/12\/Bib-Gourmand-MICHELIN_2026_Redondo_Rosso-48x48.png 48w, https:\/\/www.bardeni.es\/wp-content\/uploads\/2019\/12\/Bib-Gourmand-MICHELIN_2026_Redondo_Rosso-96x96.png 96w, https:\/\/www.bardeni.es\/wp-content\/uploads\/2019\/12\/Bib-Gourmand-MICHELIN_2026_Redondo_Rosso-250x250.png 250w, https:\/\/www.bardeni.es\/wp-content\/uploads\/2019\/12\/Bib-Gourmand-MICHELIN_2026_Redondo_Rosso-140x140.png 140w, https:\/\/www.bardeni.es\/wp-content\/uploads\/2019\/12\/Bib-Gourmand-MICHELIN_2026_Redondo_Rosso-110x110.png 110w, https:\/\/www.bardeni.es\/wp-content\/uploads\/2019\/12\/Bib-Gourmand-MICHELIN_2026_Redondo_Rosso-275x275.png 275w, https:\/\/www.bardeni.es\/wp-content\/uploads\/2019\/12\/Bib-Gourmand-MICHELIN_2026_Redondo_Rosso-800x800.png 800w, https:\/\/www.bardeni.es\/wp-content\/uploads\/2019\/12\/Bib-Gourmand-MICHELIN_2026_Redondo_Rosso-550x550.png 550w\" sizes=\"auto, (max-width: 150px) 100vw, 150px\" \/><\/a><\/p>\n<p>[\/vc_column_text]<div class=\"heading heading-large header-subheader align-center color-white subcolor-white transform-default has-subheader theme-icon-second icon-type-hidden heading-tag-h1\" id=\"like_sc_header_1583665434\"><h6 class=\"subheader \">Dani Lechuga<\/h6><h1 data-text=\"BARDENI el meatbar\" class=\"header \">BARDENI el meatbar<\/h1><\/div><div class=\"es-resp\">\t<div class=\"visible-xl\" style=\"height: 20px;\"><\/div>\t<div class=\"hidden-xl hidden-md hidden-sm hidden-ms hidden-xs\" style=\"height: 20px;\"><\/div>\t<div class=\"visible-md\" style=\"height: 20px;\"><\/div>\t<div class=\"visible-sm \" style=\"height: 20px;\"><\/div>\t<div class=\"visible-ms\" style=\"height: 20px;\"><\/div>\t<div class=\"visible-xs\" style=\"height: 20px;\"><\/div><\/div><div class=\"ltx-content-width ltx-col-align-center ltx-block-align-left\" id=\"like_sc_content_width_441790581\" style=\"max-width: 1000px\"><div class=\"ltx-wrapper\">[vc_column_text]<\/p>\n<p style=\"text-align: center;\">Since 2005<br \/>\nAnother way to treat the meat<\/p>\n<p>[\/vc_column_text]<\/div><\/div><div class=\"es-resp\">\t<div class=\"visible-xl\" style=\"height: 60px;\"><\/div>\t<div class=\"hidden-xl hidden-md hidden-sm hidden-ms hidden-xs\" style=\"height: 60px;\"><\/div>\t<div class=\"visible-md\" style=\"height: 60px;\"><\/div>\t<div class=\"visible-sm \" style=\"height: 60px;\"><\/div>\t<div class=\"visible-ms\" style=\"height: 30px;\"><\/div>\t<div class=\"visible-xs\" style=\"height: 30px;\"><\/div><\/div><div class=\"btn-wrap\">\n\t<a href=\"\/en\/reservations\/\"  class=\"btn  btn-lg btn-main color-hover-default\" id=\"like_sc_button_1368191007\">RESERVATIONS<\/a><\/div><div class=\"btn-wrap\">\n\t<a href=\"https:\/\/www.bardeni.es\/en\/our-menu\/\"  class=\"btn  btn-lg btn-main color-hover-white\" id=\"like_sc_button_974318989\">OUR MENU<\/a><\/div><div class=\"es-resp\">\t<div class=\"visible-xl\" style=\"height: 60px;\"><\/div>\t<div class=\"hidden-xl hidden-md hidden-sm hidden-ms hidden-xs\" style=\"height: 60px;\"><\/div>\t<div class=\"visible-md\" style=\"height: 60px;\"><\/div>\t<div class=\"visible-sm \" style=\"height: 60px;\"><\/div>\t<div class=\"visible-ms\" style=\"height: 30px;\"><\/div>\t<div class=\"visible-xs\" style=\"height: 30px;\"><\/div><\/div>[\/vc_column][\/vc_row][vc_row][vc_column][\/vc_column][\/vc_row]<\/p>\n<\/div><\/div><\/div>[\/vc_column][\/vc_row][vc_section full_width=&#8221;stretch_row&#8221; text_align=&#8221;center-sm-ms&#8221;][vc_row full_width=&#8221;stretch_row_content_no_spaces&#8221; equal_height=&#8221;yes&#8221; bg_color_select=&#8221;gray&#8221;][vc_column css=&#8221;.vc_custom_1590702701129{background-image: url(https:\/\/www.bardeni.es\/wp-content\/uploads\/2019\/12\/black-waves.png?id=12152) !important;}&#8221; offset=&#8221;vc_col-lg-6 vc_col-md-7&#8243;][vc_empty_space]<div class=\"ltx-content-width ltx-quality ltx-col-align-left ltx-block-align-left\" id=\"like_sc_content_width_1541514647\" style=\"max-width: 580px\"><div class=\"ltx-wrapper\"><div class=\"heading default align-center color-white subcolor-second transform-default icon-type-hidden   vc_custom_1727635896899 heading-tag-h5\" id=\"like_sc_header_757956671\"><h5 data-text=\"&lt;span&gt; We are open for lunch from Monday to Saturday and for dinner Thursday and Friday &lt;\/span&gt;&lt;br \/&gt;\nThank you very much!!\" class=\"header ltx-sr-id-like_sc_header_7579566711359432458 ltx-sr ltx-sr-effect-fade_in ltx-sr-el-block ltx-sr-delay-0 ltx-sr-duration-1000 ltx-sr-sequences-0\"><span> We are open for lunch from Monday to Saturday and for dinner Thursday and Friday <\/span><br \/>\nThank you very much!!<\/h5><\/div><div class=\"es-resp\">\t<div class=\"visible-xl\" style=\"height: 32px;\"><\/div>\t<div class=\"hidden-xl hidden-md hidden-sm hidden-ms hidden-xs\" style=\"height: 32px;\"><\/div>\t<div class=\"visible-md\" style=\"height: 32px;\"><\/div>\t<div class=\"visible-sm \" style=\"height: 24px;\"><\/div>\t<div class=\"visible-ms\" style=\"height: 24px;\"><\/div>\t<div class=\"visible-xs\" style=\"height: 24px;\"><\/div><\/div><div class=\"btn-wrap align-center\">\n\t<a href=\"\/en\/reservations\/\"  class=\"btn  btn-second color-hover-main align-center\" id=\"like_sc_button_966806235\">Reservations<\/a><\/div><div class=\"btn-wrap align-center\">\n\t<a href=\"\/en\/contacte\/\"  class=\"btn  btn-second color-hover-main align-center\" id=\"like_sc_button_1643609999\">More information<\/a><\/div><div class=\"es-resp\">\t<div class=\"visible-xl\" style=\"height: 32px;\"><\/div>\t<div class=\"hidden-xl hidden-md hidden-sm hidden-ms hidden-xs\" style=\"height: 32px;\"><\/div>\t<div class=\"visible-md\" style=\"height: 32px;\"><\/div>\t<div class=\"visible-sm \" style=\"height: 24px;\"><\/div>\t<div class=\"visible-ms\" style=\"height: 24px;\"><\/div>\t<div class=\"visible-xs\" style=\"height: 24px;\"><\/div><\/div><div class=\"es-resp\">\t<div class=\"visible-xl\" style=\"height: 52px;\"><\/div>\t<div class=\"hidden-xl hidden-md hidden-sm hidden-ms hidden-xs\" style=\"height: 52px;\"><\/div>\t<div class=\"visible-md\" style=\"height: 52px;\"><\/div>\t<div class=\"visible-sm \" style=\"height: 52px;\"><\/div>\t<div class=\"visible-ms\" style=\"height: 32px;\"><\/div>\t<div class=\"visible-xs\" style=\"height: 32px;\"><\/div><\/div><\/div><\/div>[\/vc_column][vc_column width=&#8221;1\/2&#8243; theme_section=&#8221;ltx-mouse-move&#8221; css=&#8221;.vc_custom_1684832337406{background-image: url(https:\/\/www.bardeni.es\/wp-content\/uploads\/2023\/05\/puerta-bardeni-2.jpg?id=17709) !important;background-position: center !important;background-repeat: no-repeat !important;background-size: cover !important;}&#8221; offset=&#8221;vc_col-lg-6 vc_col-md-5&#8243;][\/vc_column][\/vc_row][\/vc_section][vc_section full_width=&#8221;stretch_row&#8221; text_align=&#8221;center-sm-ms&#8221; el_id=&#8221;qui-som-home&#8221;][vc_row full_width=&#8221;stretch_row_content_no_spaces&#8221; equal_height=&#8221;yes&#8221; bg_color_select=&#8221;gray&#8221;][vc_column width=&#8221;1\/2&#8243; theme_section=&#8221;ltx-mouse-move&#8221; css=&#8221;.vc_custom_1593625927142{background-position: center !important;background-repeat: no-repeat !important;background-size: contain !important;}&#8221; offset=&#8221;vc_col-lg-6 vc_col-md-5 vc_col-xs-12&#8243;][vc_single_image image=&#8221;18214&#8243; img_size=&#8221;large&#8221; css_animation=&#8221;fadeInLeft&#8221;][vc_column_text]<\/p>\n<h3 style=\"text-align: center;\">Dani Lechuga<\/h3>\n<h5 style=\"text-align: center;\">Meat Treatment Award 2024 \/ Chef of the year 2011 \/ Young chef 2010<\/h5>\n<p>[\/vc_column_text][\/vc_column][vc_column bg_color_select=&#8221;gray&#8221; css=&#8221;.vc_custom_1574702720696{background-image: url(https:\/\/www.bardeni.es\/wp-content\/uploads\/2019\/11\/meat_BG_lines_big-005.png?id=11438) !important;}&#8221; offset=&#8221;vc_col-lg-6 vc_col-md-7&#8243;]<div class=\"es-resp\">\t<div class=\"visible-xl\" style=\"height: 32px;\"><\/div>\t<div class=\"hidden-xl hidden-md hidden-sm hidden-ms hidden-xs\" style=\"height: 32px;\"><\/div>\t<div class=\"visible-md\" style=\"height: 32px;\"><\/div>\t<div class=\"visible-sm \" style=\"height: 24px;\"><\/div>\t<div class=\"visible-ms\" style=\"height: 24px;\"><\/div>\t<div class=\"visible-xs\" style=\"height: 24px;\"><\/div><\/div><div class=\"ltx-content-width ltx-quality ltx-col-align-left ltx-block-align-left\" id=\"like_sc_content_width_67543725\" style=\"max-width: 580px\"><div class=\"ltx-wrapper\"><div class=\"heading header-subheader align-left subcolor-main transform-default has-subheader theme-icon-second icon-type-hidden heading-tag-h2\" id=\"like_sc_header_1143757361\"><h6 class=\"subheader ltx-sr-id-like_sc_header_11437573611357648292 ltx-sr ltx-sr-effect-slide_from_bottom ltx-sr-el-block ltx-sr-delay-200 ltx-sr-duration-500 ltx-sr-sequences-50\">about us<\/h6><h2 data-text=\"Bardeni - Caldeni\" class=\"header ltx-sr-id-like_sc_header_1143757361452431429 ltx-sr ltx-sr-effect-fade_in ltx-sr-el-block ltx-sr-delay-0 ltx-sr-duration-1000 ltx-sr-sequences-0\">Bardeni - Caldeni<\/h2><\/div>[vc_column_text]The chef DANI LECHUGA (Chef of the year 2011 and Young chef 2010), his wife Maria Luisa and his faithful cooks V\u00edctor and Jorge.<\/p>\n<p>Spent more than 20 years with our restaurant we have been able to adapt to new times.<\/p>\n<p>BARDENI, el meatbar, is a place specialized in meat. In a location decorated by <a href=\"http:\/\/lazarorosaviolan.com\/\" target=\"_blank\" rel=\"noopener noreferrer\">L\u00e1zaro Rosa Viol\u00e1n<\/a>.\u00a0 An informal place, with good atmosphere. We don\u2019t have liquors or spirits.<\/p>\n<p>If we seem kind, nice and polite to you it&#8217;s because you are kind, nice and polite&#8230; Thank you very much for being it&#8230;[\/vc_column_text]<div class=\"es-resp\">\t<div class=\"visible-xl\" style=\"height: 60px;\"><\/div>\t<div class=\"hidden-xl hidden-md hidden-sm hidden-ms hidden-xs\" style=\"height: 60px;\"><\/div>\t<div class=\"visible-md\" style=\"height: 60px;\"><\/div>\t<div class=\"visible-sm \" style=\"height: 100px;\"><\/div>\t<div class=\"visible-ms\" style=\"height: 100px;\"><\/div>\t<div class=\"visible-xs\" style=\"height: 100px;\"><\/div><\/div>[vc_row_inner equal_height=&#8221;yes&#8221; el_id=&#8221;team-home&#8221;][vc_column_inner width=&#8221;2\/5&#8243; offset=&#8221;vc_hidden-sm vc_hidden-xs&#8221;][vc_hoverbox image=&#8221;14090&#8243; primary_title=&#8221;&#8221; hover_title=&#8221;Victor&#8221; shape=&#8221;square&#8221;]<span style=\"color: #ff0000;\">Cook<\/span>[\/vc_hoverbox][\/vc_column_inner][vc_column_inner width=&#8221;1\/5&#8243;][\/vc_column_inner][vc_column_inner width=&#8221;2\/5&#8243; offset=&#8221;vc_hidden-sm vc_hidden-xs&#8221;][vc_hoverbox image=&#8221;12395&#8243; primary_title=&#8221;&#8221; hover_title=&#8221;Jorge&#8221; shape=&#8221;square&#8221;]<span style=\"color: #ff0000;\">Cook<\/span>[\/vc_hoverbox][\/vc_column_inner][\/vc_row_inner]<\/div><\/div>[\/vc_column][\/vc_row][\/vc_section][vc_section text_align=&#8221;center&#8221; css=&#8221;.vc_custom_1590795466452{background-image: url(https:\/\/www.bardeni.es\/wp-content\/uploads\/2019\/12\/price-bg.png?id=12212) !important;background-position: center !important;background-repeat: no-repeat !important;background-size: cover !important;}&#8221;][vc_row full_width=&#8221;stretch_row_content&#8221; css=&#8221;.vc_custom_1591215026765{margin-bottom: 60px !important;}&#8221;][vc_column width=&#8221;1\/4&#8243;]<div class=\"heading header-subheader align-center color-main subcolor-white transform-default theme-icon-second icon-type-hidden heading-tag-h4\" id=\"like_sc_header_1173320835\"><h4 data-text=\"Young Cook 2010\" class=\"header ltx-sr-id-like_sc_header_1173320835483560852 ltx-sr ltx-sr-effect-fade_in ltx-sr-el-block ltx-sr-delay-0 ltx-sr-duration-1000 ltx-sr-sequences-0\">Young Cook 2010<\/h4><\/div>[vc_column_text]<\/p>\n<p style=\"text-align: center;\"><span style=\"color: #ffffff;\">Awarded by Acad\u00e8mia Catalana de gastronomia.<\/span><\/p>\n<p>[\/vc_column_text][\/vc_column][vc_column width=&#8221;1\/4&#8243;]<div class=\"heading header-subheader align-center color-main subcolor-white transform-default theme-icon-second icon-type-hidden heading-tag-h4\" id=\"like_sc_header_1089333767\"><h4 data-text=\"Cook of the year 2011\" class=\"header ltx-sr-id-like_sc_header_1089333767726761555 ltx-sr ltx-sr-effect-fade_in ltx-sr-el-block ltx-sr-delay-0 ltx-sr-duration-1000 ltx-sr-sequences-0\">Cook of the year 2011<\/h4><\/div>[vc_column_text]<\/p>\n<div class=\"fw-col-xs-12 fw-col-sm-3\">\n<div class=\"entry-item\">\n<div class=\"entry-wrap\">\n<div class=\"entry\">\n<p style=\"text-align: center;\"><span style=\"color: #ffffff;\">Awarded in G<\/span><span style=\"color: #ffffff;\">irona by<\/span><span style=\"color: #ffffff;\">\u00a0<\/span><span style=\"color: #ffffff;\">El Peri\u00f3dico during the F\u00f2rum Gastron\u00f2mic<\/span><\/p>\n<\/div>\n<\/div>\n<\/div>\n<\/div>\n<p>[\/vc_column_text][\/vc_column][vc_column width=&#8221;1\/4&#8243;]<div class=\"heading header-subheader align-center color-main subcolor-white transform-default theme-icon-second icon-type-hidden heading-tag-h4\" id=\"like_sc_header_2012614646\"><h4 data-text=\"\u201cLa cocina de la carne\u201d\" class=\"header ltx-sr-id-like_sc_header_2012614646390161034 ltx-sr ltx-sr-effect-fade_in ltx-sr-el-block ltx-sr-delay-0 ltx-sr-duration-1000 ltx-sr-sequences-0\">\u201cLa cocina de la carne\u201d<\/h4><\/div>[vc_column_text]<\/p>\n<div class=\"fw-col-xs-12 fw-col-sm-3\">\n<div class=\"entry-item\">\n<div class=\"entry-wrap\">\n<div class=\"entry\">\n<p style=\"text-align: center;\"><span style=\"color: #ffffff;\">Book write by Dani Lechuga, RBA<\/span><\/p>\n<\/div>\n<\/div>\n<\/div>\n<\/div>\n<p>[\/vc_column_text][\/vc_column][vc_column width=&#8221;1\/4&#8243;]<div class=\"heading header-subheader align-center color-main subcolor-white transform-default theme-icon-second icon-type-hidden heading-tag-h4\" id=\"like_sc_header_2018974721\"><h4 data-text=\"Dedicated to the world of meat\" class=\"header ltx-sr-id-like_sc_header_20189747211528607383 ltx-sr ltx-sr-effect-fade_in ltx-sr-el-block ltx-sr-delay-0 ltx-sr-duration-1000 ltx-sr-sequences-0\">Dedicated to the world of meat<\/h4><\/div>[vc_column_text]<\/p>\n<section class=\"section-wrap post-page pb-0\">\n<div class=\"container-fluid nopadding\">\n<article id=\"post-1222\" class=\"post-content article mb-50 post-1222 page type-page status-publish hentry\">\n<div class=\"entry\">\n<div class=\"fw-page-builder-content\">\n<section class=\"fw-main-row \">\n<div class=\"fw-container\">\n<div class=\"fw-row\">\n<div class=\"fw-col-xs-12 fw-col-sm-3\">\n<div class=\"entry-item\">\n<div class=\"entry-wrap\">\n<div class=\"entry\">\n<p style=\"text-align: center;\"><span style=\"color: #ffffff;\">People say we have the best meat dish in town #Barcelona #SagradaFamilia<\/span><\/p>\n<\/div>\n<\/div>\n<\/div>\n<\/div>\n<\/div>\n<\/div>\n<\/section>\n<\/div>\n<\/div>\n<\/article>\n<\/div>\n<\/section>\n<p>[\/vc_column_text][\/vc_column][\/vc_row][\/vc_section][vc_section theme_section=&#8221;ltx-banners-grid&#8221; el_id=&#8221;options-cta&#8221;][vc_row full_width=&#8221;stretch_row_content_no_spaces&#8221; equal_height=&#8221;yes&#8221; content_placement=&#8221;middle&#8221; el_id=&#8221;banner-carta-emportar&#8221;][vc_column bg_overlay=&#8221;black&#8221; text_align=&#8221;right&#8221; css=&#8221;.vc_custom_1590710648639{background-image: url(https:\/\/www.bardeni.es\/wp-content\/uploads\/2020\/05\/steak-tartar.jpg?id=12573) !important;background-position: center !important;background-repeat: no-repeat !important;background-size: cover !important;}&#8221; offset=&#8221;vc_col-lg-6&#8243; el_id=&#8221;cta-per-emportar&#8221;]<div class=\"es-resp\">\t<div class=\"visible-xl\" style=\"height: 250px;\"><\/div>\t<div class=\"hidden-xl hidden-md hidden-sm hidden-ms hidden-xs\" style=\"height: 250px;\"><\/div>\t<div class=\"visible-md\" style=\"height: 250px;\"><\/div>\t<div class=\"visible-sm \" style=\"height: 250px;\"><\/div>\t<div class=\"visible-ms\" style=\"height: 32px;\"><\/div>\t<div class=\"visible-xs\" style=\"height: 32px;\"><\/div><\/div><div class=\"ltx-content-width ltx-quality ltx-col-align-left ltx-block-align-left\" id=\"like_sc_content_width_397597300\" style=\"max-width: 600px\"><div class=\"ltx-wrapper\"><div class=\"es-resp\">\t<div class=\"visible-xl\" style=\"height: 90px;\"><\/div>\t<div class=\"hidden-xl hidden-md hidden-sm hidden-ms hidden-xs\" style=\"height: 90px;\"><\/div>\t<div class=\"visible-md\" style=\"height: 90px;\"><\/div>\t<div class=\"visible-sm \" style=\"height: 24px;\"><\/div>\t<div class=\"visible-ms\" style=\"height: 24px;\"><\/div>\t<div class=\"visible-xs\" style=\"height: 24px;\"><\/div><\/div><div class=\"es-resp\">\t<div class=\"visible-xl\" style=\"height: 90px;\"><\/div>\t<div class=\"hidden-xl hidden-md hidden-sm hidden-ms hidden-xs\" style=\"height: 90px;\"><\/div>\t<div class=\"visible-md\" style=\"height: 90px;\"><\/div>\t<div class=\"visible-sm \" style=\"height: 24px;\"><\/div>\t<div class=\"visible-ms\" style=\"height: 24px;\"><\/div>\t<div class=\"visible-xs\" style=\"height: 24px;\"><\/div><\/div><div class=\"es-resp\">\t<div class=\"visible-xl\" style=\"height: 90px;\"><\/div>\t<div class=\"hidden-xl hidden-md hidden-sm hidden-ms hidden-xs\" style=\"height: 90px;\"><\/div>\t<div class=\"visible-md\" style=\"height: 90px;\"><\/div>\t<div class=\"visible-sm \" style=\"height: 24px;\"><\/div>\t<div class=\"visible-ms\" style=\"height: 24px;\"><\/div>\t<div class=\"visible-xs\" style=\"height: 24px;\"><\/div><\/div><\/div><\/div>[\/vc_column][vc_column bg_overlay=&#8221;black&#8221; bg_pos=&#8221;center-center&#8221; offset=&#8221;vc_col-lg-6&#8243; css=&#8221;.vc_custom_1591215792678{background-image: url(https:\/\/www.bardeni.es\/wp-content\/uploads\/2020\/05\/collage-carta.jpg?id=12285) !important;background-position: center !important;background-repeat: no-repeat !important;background-size: cover !important;}&#8221; el_id=&#8221;cta-carta&#8221;]<div class=\"ltx-content-width ltx-quality ltx-col-align-left ltx-block-align-left\" id=\"like_sc_content_width_744737559\" style=\"max-width: 600px\"><div class=\"ltx-wrapper\"><div class=\"heading header-subheader align-left color-main subcolor-main transform-default theme-icon-second icon-type-hidden   vc_custom_1591297847295 heading-tag-h2\" id=\"like_sc_header_767673077\"><h2 data-text=\"Our menu\" class=\"header ltx-sr-id-like_sc_header_7676730771733179242 ltx-sr ltx-sr-effect-fade_in ltx-sr-el-block ltx-sr-delay-0 ltx-sr-duration-1000 ltx-sr-sequences-0\">Our menu<\/h2><\/div>[vc_column_text]<\/p>\n<h3 id=\"tw-target-text\" class=\"tw-data-text tw-text-large XcVN5d tw-ta\" dir=\"ltr\" data-placeholder=\"Traducci\u00f3n\"><strong><span lang=\"en\" style=\"color: #ffffff;\">We offer a menu and dishes of the day dedicated especially to meats.<\/span><\/strong><\/h3>\n<p>[\/vc_column_text]<div class=\"es-resp\">\t<div class=\"visible-xl\" style=\"height: 32px;\"><\/div>\t<div class=\"hidden-xl hidden-md hidden-sm hidden-ms hidden-xs\" style=\"height: 32px;\"><\/div>\t<div class=\"visible-md\" style=\"height: 32px;\"><\/div>\t<div class=\"visible-sm \" style=\"height: 24px;\"><\/div>\t<div class=\"visible-ms\" style=\"height: 24px;\"><\/div>\t<div class=\"visible-xs\" style=\"height: 24px;\"><\/div><\/div><div class=\"btn-wrap\">\n\t<a href=\"\/en\/our-menu\/\"  class=\"btn  btn-lg btn-second color-hover-main\" id=\"like_sc_button_19941928\">See the menu<\/a><\/div><\/div><\/div>[\/vc_column][\/vc_row][\/vc_section][vc_section full_width=&#8221;stretch_row&#8221; bg_color_select=&#8221;black&#8221; bg_overlay=&#8221;black&#8221; bg_parallax=&#8221;parallax&#8221; bg_parallax_value=&#8221;0.1&#8243; bg_pos=&#8221;center-top&#8221; theme_section=&#8221;displaced-top&#8221; css=&#8221;.vc_custom_1590708922625{background-image: url(https:\/\/www.bardeni.es\/wp-content\/uploads\/2020\/05\/bardeni-entrada.jpg?id=12480) !important;}&#8221; el_class=&#8221;ltx-testimonials-overflow&#8221; el_id=&#8221;premsa&#8221;][vc_row full_width=&#8221;stretch_row_content&#8221; theme_section=&#8221;displaced-top&#8221;][vc_column]<div class=\"es-resp\">\t<div class=\"visible-xl\" style=\"height: 36px;\"><\/div>\t<div class=\"hidden-xl hidden-md hidden-sm hidden-ms hidden-xs\" style=\"height: 36px;\"><\/div>\t<div class=\"visible-md\" style=\"height: 36px;\"><\/div>\t<div class=\"visible-sm \" style=\"height: 36px;\"><\/div>\t<div class=\"visible-ms\" style=\"height: 36px;\"><\/div>\t<div class=\"visible-xs\" style=\"height: 36px;\"><\/div><\/div><div class=\"heading header-subheader align-center color-white subcolor-second transform-default has-subheader theme-icon-second icon-type-hidden   vc_custom_1591298157629 heading-tag-h2\" id=\"like_sc_header_1273834243\"><a href=\"\/ca\/premsa\"><h6 class=\"subheader ltx-sr-id-like_sc_header_12738342431143159764 ltx-sr ltx-sr-effect-slide_from_bottom ltx-sr-el-block ltx-sr-delay-200 ltx-sr-duration-500 ltx-sr-sequences-50\">what press says about us<\/h6><h2 data-text=\"Press\" class=\"header ltx-sr-id-like_sc_header_12738342431957594904 ltx-sr ltx-sr-effect-fade_in ltx-sr-el-block ltx-sr-delay-0 ltx-sr-duration-1000 ltx-sr-sequences-0\">Press<\/h2><\/a><\/div><div class=\"ltx-swiper-slider-wrapper\"><div class=\"ltx-swiper-slider swiper-container ltx-testimonials-list layout- font-weight-bold\"  id=\"like_sc_testimonials_528775785\" data-space-between=\"30\" data-arrows=\"sides-outside\" data-autoplay=\"4000\" data-autoplay-interaction=\"1\" data-loop=\"1\" data-speed=\"1000\" data-effect=\"slide\" data-slides-per-group=\"1\" data-breakpoints=\"3;3;2;;1;\"><div class=\"swiper-wrapper\"><div class=\"ltx-item swiper-slide\"><div class=\"inner \">\n\t<div class=\"ltx-descr\"><p>Bardeni El Meatbar - Caldeni<\/p><\/div><div class=\"date-testimonial\">15 de June de 2025<\/div><div class=\"image\"><img loading=\"lazy\" decoding=\"async\" width=\"225\" height=\"225\" src=\"https:\/\/www.bardeni.es\/wp-content\/uploads\/2025\/06\/barcelona-food-exp-logo.png\" class=\"attachment-full size-full wp-post-image\" alt=\"\" srcset=\"https:\/\/www.bardeni.es\/wp-content\/uploads\/2025\/06\/barcelona-food-exp-logo.png 225w, https:\/\/www.bardeni.es\/wp-content\/uploads\/2025\/06\/barcelona-food-exp-logo-150x150.png 150w, https:\/\/www.bardeni.es\/wp-content\/uploads\/2025\/06\/barcelona-food-exp-logo-100x100.png 100w, https:\/\/www.bardeni.es\/wp-content\/uploads\/2025\/06\/barcelona-food-exp-logo-24x24.png 24w, https:\/\/www.bardeni.es\/wp-content\/uploads\/2025\/06\/barcelona-food-exp-logo-48x48.png 48w, https:\/\/www.bardeni.es\/wp-content\/uploads\/2025\/06\/barcelona-food-exp-logo-96x96.png 96w, https:\/\/www.bardeni.es\/wp-content\/uploads\/2025\/06\/barcelona-food-exp-logo-140x140.png 140w, https:\/\/www.bardeni.es\/wp-content\/uploads\/2025\/06\/barcelona-food-exp-logo-110x110.png 110w\" sizes=\"auto, (max-width: 225px) 100vw, 225px\" \/><\/div><div class=\"header\">Barcelona Food Experience<\/div><\/div>\n<\/div><div class=\"ltx-item swiper-slide\"><div class=\"inner \">\n\t<div class=\"ltx-descr\"><p>An open secret with the best meat dish<\/p><\/div><div class=\"date-testimonial\">23 de February de 2025<\/div><div class=\"image\"><img loading=\"lazy\" decoding=\"async\" width=\"317\" height=\"159\" src=\"https:\/\/www.bardeni.es\/wp-content\/uploads\/2025\/02\/la-gourmeteria-e1740305557813.png\" class=\"attachment-full size-full wp-post-image\" alt=\"\" \/><\/div><div class=\"header\">La Gourmeteria &#8211; El Nacional.cat<\/div><\/div>\n<\/div><div class=\"ltx-item swiper-slide\"><div class=\"inner \">\n\t<div class=\"ltx-descr\"><p>Podcast de Cristina Jolonch with Dani Lechuga<\/p><\/div><div class=\"date-testimonial\">31 de January de 2025<\/div><div class=\"image\"><img loading=\"lazy\" decoding=\"async\" width=\"299\" height=\"168\" src=\"https:\/\/www.bardeni.es\/wp-content\/uploads\/2025\/01\/dani.jpg\" class=\"attachment-full size-full wp-post-image\" alt=\"\" \/><\/div><div class=\"header\">Qu\u00e9date a comer &#8211; Podcast<\/div><\/div>\n<\/div><div class=\"ltx-item swiper-slide\"><div class=\"inner \">\n\t<div class=\"ltx-descr\"><p>Dani Lechuga, 20 years at the forefront<\/p><\/div><div class=\"date-testimonial\">18 de January de 2025<\/div><div class=\"image\"><img loading=\"lazy\" decoding=\"async\" width=\"308\" height=\"163\" src=\"https:\/\/www.bardeni.es\/wp-content\/uploads\/2025\/01\/comer-la-vanguardia-e1737365186130.png\" class=\"attachment-full size-full wp-post-image\" alt=\"\" \/><\/div><div class=\"header\">Comer &#8211; Cristina Jolonch<\/div><\/div>\n<\/div><div class=\"ltx-item swiper-slide\"><div class=\"inner \">\n\t<div class=\"ltx-descr\"><p>Podcast of Dani Lechuga<\/p><\/div><div class=\"date-testimonial\">15 de April de 2024<\/div><div class=\"image\"><img loading=\"lazy\" decoding=\"async\" width=\"176\" height=\"176\" src=\"https:\/\/www.bardeni.es\/wp-content\/uploads\/2024\/04\/se-me-antoja.jpg\" class=\"attachment-full size-full wp-post-image\" alt=\"\" srcset=\"https:\/\/www.bardeni.es\/wp-content\/uploads\/2024\/04\/se-me-antoja.jpg 176w, https:\/\/www.bardeni.es\/wp-content\/uploads\/2024\/04\/se-me-antoja-150x150.jpg 150w, https:\/\/www.bardeni.es\/wp-content\/uploads\/2024\/04\/se-me-antoja-100x100.jpg 100w, https:\/\/www.bardeni.es\/wp-content\/uploads\/2024\/04\/se-me-antoja-24x24.jpg 24w, https:\/\/www.bardeni.es\/wp-content\/uploads\/2024\/04\/se-me-antoja-48x48.jpg 48w, https:\/\/www.bardeni.es\/wp-content\/uploads\/2024\/04\/se-me-antoja-96x96.jpg 96w, https:\/\/www.bardeni.es\/wp-content\/uploads\/2024\/04\/se-me-antoja-140x140.jpg 140w, https:\/\/www.bardeni.es\/wp-content\/uploads\/2024\/04\/se-me-antoja-110x110.jpg 110w\" sizes=\"auto, (max-width: 176px) 100vw, 176px\" \/><\/div><div class=\"header\">Se Me Antoja by Montagud<\/div><\/div>\n<\/div><div class=\"ltx-item swiper-slide\"><div class=\"inner \">\n\t<div class=\"ltx-descr\"><p>Montagud Award for Meat Treatment 2024<\/p><\/div><div class=\"date-testimonial\">29 de January de 2024<\/div><div class=\"image\"><img loading=\"lazy\" decoding=\"async\" width=\"352\" height=\"143\" src=\"https:\/\/www.bardeni.es\/wp-content\/uploads\/2024\/03\/cocinillas-e1711881030396.png\" class=\"attachment-full size-full wp-post-image\" alt=\"\" \/><\/div><div class=\"header\">Cocinillas<\/div><\/div>\n<\/div><\/div><\/div><\/div>[\/vc_column][\/vc_row][\/vc_section][vc_section][vc_row][vc_column]<div class=\"es-resp\">\t<div class=\"visible-xl\" style=\"height: 160px;\"><\/div>\t<div class=\"hidden-xl hidden-md hidden-sm hidden-ms hidden-xs\" style=\"height: 160px;\"><\/div>\t<div class=\"visible-md\" style=\"height: 48px;\"><\/div>\t<div class=\"visible-sm \" style=\"height: 16px;\"><\/div>\t<div class=\"visible-ms\" style=\"height: 16px;\"><\/div>\t<div class=\"visible-xs\" style=\"height: 16px;\"><\/div><\/div><div class=\"btn-wrap align-center\">\n\t<a href=\"\/en\/press\/\"  class=\"btn  btn-second color-hover-main align-center\" id=\"like_sc_button_421070061\">See more press<\/a><\/div>[\/vc_column][\/vc_row][\/vc_section]<\/p>\n","protected":false},"excerpt":{"rendered":"<p>[vc_row full_width=&#8221;stretch_row_content_no_spaces&#8221; bg_color_select=&#8221;black&#8221; theme_section=&#8221;displaced-top&#8221;][vc_column][\/vc_column][\/vc_row][vc_section full_width=&#8221;stretch_row&#8221; text_align=&#8221;center-sm-ms&#8221;][vc_row full_width=&#8221;stretch_row_content_no_spaces&#8221; equal_height=&#8221;yes&#8221; bg_color_select=&#8221;gray&#8221;][vc_column css=&#8221;.vc_custom_1590702701129{background-image: url(https:\/\/www.bardeni.es\/wp-content\/uploads\/2019\/12\/black-waves.png?id=12152) !important;}&#8221; offset=&#8221;vc_col-lg-6 vc_col-md-7&#8243;][vc_empty_space][\/vc_column][vc_column width=&#8221;1\/2&#8243; theme_section=&#8221;ltx-mouse-move&#8221; css=&#8221;.vc_custom_1684832337406{background-image: url(https:\/\/www.bardeni.es\/wp-content\/uploads\/2023\/05\/puerta-bardeni-2.jpg?id=17709) !important;background-position: center !important;background-repeat: no-repeat !important;background-size: cover !important;}&#8221; offset=&#8221;vc_col-lg-6 vc_col-md-5&#8243;][\/vc_column][\/vc_row][\/vc_section][vc_section full_width=&#8221;stretch_row&#8221; text_align=&#8221;center-sm-ms&#8221; el_id=&#8221;qui-som-home&#8221;][vc_row full_width=&#8221;stretch_row_content_no_spaces&#8221; equal_height=&#8221;yes&#8221; bg_color_select=&#8221;gray&#8221;][vc_column width=&#8221;1\/2&#8243; theme_section=&#8221;ltx-mouse-move&#8221; css=&#8221;.vc_custom_1593625927142{background-position: center !important;background-repeat: no-repeat !important;background-size: contain !important;}&#8221; offset=&#8221;vc_col-lg-6 vc_col-md-5 vc_col-xs-12&#8243;][vc_single_image image=&#8221;18214&#8243; img_size=&#8221;large&#8221; css_animation=&#8221;fadeInLeft&#8221;][vc_column_text] Dani Lechuga Meat Treatment Award 2024 \/ Chef of the year 2011 \/ Young chef 2010 [\/vc_column_text][\/vc_column][vc_column bg_color_select=&#8221;gray&#8221; css=&#8221;.vc_custom_1574702720696{background-image: url(https:\/\/www.bardeni.es\/wp-content\/uploads\/2019\/11\/meat_BG_lines_big-005.png?id=11438) !important;}&#8221; offset=&#8221;vc_col-lg-6 vc_col-md-7&#8243;][\/vc_column][\/vc_row][\/vc_section][vc_section text_align=&#8221;center&#8221; css=&#8221;.vc_custom_1590795466452{background-image: url(https:\/\/www.bardeni.es\/wp-content\/uploads\/2019\/12\/price-bg.png?id=12212) !important;background-position: center !important;background-repeat: no-repeat !important;background-size: cover !important;}&#8221;][vc_row full_width=&#8221;stretch_row_content&#8221; css=&#8221;.vc_custom_1591215026765{margin-bottom: 60px !important;}&#8221;][vc_column width=&#8221;1\/4&#8243;][vc_column_text] Awarded by Acad\u00e8mia Catalana de gastronomia. [\/vc_column_text][\/vc_column][vc_column width=&#8221;1\/4&#8243;][vc_column_text] Awarded in Girona by\u00a0El Peri\u00f3dico during the F\u00f2rum Gastron\u00f2mic [\/vc_column_text][\/vc_column][vc_column width=&#8221;1\/4&#8243;][vc_column_text] Book write by Dani Lechuga, RBA [\/vc_column_text][\/vc_column][vc_column width=&#8221;1\/4&#8243;][vc_column_text] People say we have the best meat dish in town #Barcelona #SagradaFamilia [\/vc_column_text][\/vc_column][\/vc_row][\/vc_section][vc_section theme_section=&#8221;ltx-banners-grid&#8221; el_id=&#8221;options-cta&#8221;][vc_row full_width=&#8221;stretch_row_content_no_spaces&#8221; equal_height=&#8221;yes&#8221; content_placement=&#8221;middle&#8221; el_id=&#8221;banner-carta-emportar&#8221;][vc_column bg_overlay=&#8221;black&#8221; text_align=&#8221;right&#8221; css=&#8221;.vc_custom_1590710648639{background-image: url(https:\/\/www.bardeni.es\/wp-content\/uploads\/2020\/05\/steak-tartar.jpg?id=12573) !important;background-position: center !important;background-repeat: no-repeat [&hellip;]<\/p>\n","protected":false},"author":1,"featured_media":0,"parent":0,"menu_order":0,"comment_status":"closed","ping_status":"closed","template":"","meta":{"footnotes":""},"class_list":["post-12995","page","type-page","status-publish","hentry","has-post-thumbnail"],"yoast_head":"<!-- This site is optimized with the Yoast SEO plugin v27.4 - https:\/\/yoast.com\/product\/yoast-seo-wordpress\/ -->\n<title>Home - Bardeni el Meatbar<\/title>\n<meta name=\"robots\" content=\"index, follow, max-snippet:-1, max-image-preview:large, max-video-preview:-1\" \/>\n<link rel=\"canonical\" href=\"https:\/\/www.bardeni.es\/en\/\" \/>\n<meta property=\"og:locale\" content=\"en_US\" \/>\n<meta property=\"og:type\" content=\"article\" \/>\n<meta property=\"og:title\" content=\"Home - Bardeni el Meatbar\" \/>\n<meta property=\"og:description\" content=\"[vc_row full_width=&#8221;stretch_row_content_no_spaces&#8221; bg_color_select=&#8221;black&#8221; theme_section=&#8221;displaced-top&#8221;][vc_column][\/vc_column][\/vc_row][vc_section full_width=&#8221;stretch_row&#8221; text_align=&#8221;center-sm-ms&#8221;][vc_row full_width=&#8221;stretch_row_content_no_spaces&#8221; equal_height=&#8221;yes&#8221; bg_color_select=&#8221;gray&#8221;][vc_column css=&#8221;.vc_custom_1590702701129{background-image: url(https:\/\/www.bardeni.es\/wp-content\/uploads\/2019\/12\/black-waves.png?id=12152) !important;}&#8221; offset=&#8221;vc_col-lg-6 vc_col-md-7&#8243;][vc_empty_space][\/vc_column][vc_column width=&#8221;1\/2&#8243; theme_section=&#8221;ltx-mouse-move&#8221; css=&#8221;.vc_custom_1684832337406{background-image: url(https:\/\/www.bardeni.es\/wp-content\/uploads\/2023\/05\/puerta-bardeni-2.jpg?id=17709) !important;background-position: center !important;background-repeat: no-repeat !important;background-size: cover !important;}&#8221; offset=&#8221;vc_col-lg-6 vc_col-md-5&#8243;][\/vc_column][\/vc_row][\/vc_section][vc_section full_width=&#8221;stretch_row&#8221; text_align=&#8221;center-sm-ms&#8221; el_id=&#8221;qui-som-home&#8221;][vc_row full_width=&#8221;stretch_row_content_no_spaces&#8221; equal_height=&#8221;yes&#8221; bg_color_select=&#8221;gray&#8221;][vc_column width=&#8221;1\/2&#8243; theme_section=&#8221;ltx-mouse-move&#8221; css=&#8221;.vc_custom_1593625927142{background-position: center !important;background-repeat: no-repeat !important;background-size: contain !important;}&#8221; offset=&#8221;vc_col-lg-6 vc_col-md-5 vc_col-xs-12&#8243;][vc_single_image image=&#8221;18214&#8243; img_size=&#8221;large&#8221; css_animation=&#8221;fadeInLeft&#8221;][vc_column_text] Dani Lechuga Meat Treatment Award 2024 \/ Chef of the year 2011 \/ Young chef 2010 [\/vc_column_text][\/vc_column][vc_column bg_color_select=&#8221;gray&#8221; css=&#8221;.vc_custom_1574702720696{background-image: url(https:\/\/www.bardeni.es\/wp-content\/uploads\/2019\/11\/meat_BG_lines_big-005.png?id=11438) !important;}&#8221; offset=&#8221;vc_col-lg-6 vc_col-md-7&#8243;][\/vc_column][\/vc_row][\/vc_section][vc_section text_align=&#8221;center&#8221; css=&#8221;.vc_custom_1590795466452{background-image: url(https:\/\/www.bardeni.es\/wp-content\/uploads\/2019\/12\/price-bg.png?id=12212) !important;background-position: center !important;background-repeat: no-repeat !important;background-size: cover !important;}&#8221;][vc_row full_width=&#8221;stretch_row_content&#8221; css=&#8221;.vc_custom_1591215026765{margin-bottom: 60px !important;}&#8221;][vc_column width=&#8221;1\/4&#8243;][vc_column_text] Awarded by Acad\u00e8mia Catalana de gastronomia. [\/vc_column_text][\/vc_column][vc_column width=&#8221;1\/4&#8243;][vc_column_text] Awarded in Girona by\u00a0El Peri\u00f3dico during the F\u00f2rum Gastron\u00f2mic [\/vc_column_text][\/vc_column][vc_column width=&#8221;1\/4&#8243;][vc_column_text] Book write by Dani Lechuga, RBA [\/vc_column_text][\/vc_column][vc_column width=&#8221;1\/4&#8243;][vc_column_text] People say we have the best meat dish in town #Barcelona #SagradaFamilia [\/vc_column_text][\/vc_column][\/vc_row][\/vc_section][vc_section theme_section=&#8221;ltx-banners-grid&#8221; el_id=&#8221;options-cta&#8221;][vc_row full_width=&#8221;stretch_row_content_no_spaces&#8221; equal_height=&#8221;yes&#8221; content_placement=&#8221;middle&#8221; el_id=&#8221;banner-carta-emportar&#8221;][vc_column bg_overlay=&#8221;black&#8221; text_align=&#8221;right&#8221; css=&#8221;.vc_custom_1590710648639{background-image: url(https:\/\/www.bardeni.es\/wp-content\/uploads\/2020\/05\/steak-tartar.jpg?id=12573) !important;background-position: center !important;background-repeat: no-repeat [&hellip;]\" \/>\n<meta property=\"og:url\" content=\"https:\/\/www.bardeni.es\/en\/\" \/>\n<meta property=\"og:site_name\" content=\"Bardeni el Meatbar\" \/>\n<meta property=\"article:modified_time\" content=\"2026-03-20T08:58:55+00:00\" \/>\n<meta name=\"twitter:card\" content=\"summary_large_image\" \/>\n<meta name=\"twitter:label1\" content=\"Est. reading time\" \/>\n\t<meta name=\"twitter:data1\" content=\"4 minutes\" \/>\n<script type=\"application\/ld+json\" class=\"yoast-schema-graph\">{\"@context\":\"https:\\\/\\\/schema.org\",\"@graph\":[{\"@type\":\"WebPage\",\"@id\":\"https:\\\/\\\/www.bardeni.es\\\/en\\\/\",\"url\":\"https:\\\/\\\/www.bardeni.es\\\/en\\\/\",\"name\":\"Home - Bardeni el Meatbar\",\"isPartOf\":{\"@id\":\"https:\\\/\\\/www.bardeni.es\\\/en\\\/#website\"},\"datePublished\":\"2019-01-30T20:21:33+00:00\",\"dateModified\":\"2026-03-20T08:58:55+00:00\",\"breadcrumb\":{\"@id\":\"https:\\\/\\\/www.bardeni.es\\\/en\\\/#breadcrumb\"},\"inLanguage\":\"en-US\",\"potentialAction\":[{\"@type\":\"ReadAction\",\"target\":[\"https:\\\/\\\/www.bardeni.es\\\/en\\\/\"]}]},{\"@type\":\"BreadcrumbList\",\"@id\":\"https:\\\/\\\/www.bardeni.es\\\/en\\\/#breadcrumb\",\"itemListElement\":[{\"@type\":\"ListItem\",\"position\":1,\"name\":\"Inici\",\"item\":\"https:\\\/\\\/www.bardeni.es\\\/en\\\/\"},{\"@type\":\"ListItem\",\"position\":2,\"name\":\"Home\"}]},{\"@type\":\"WebSite\",\"@id\":\"https:\\\/\\\/www.bardeni.es\\\/en\\\/#website\",\"url\":\"https:\\\/\\\/www.bardeni.es\\\/en\\\/\",\"name\":\"Bardeni el Meatbar\",\"description\":\"Bardeni\",\"potentialAction\":[{\"@type\":\"SearchAction\",\"target\":{\"@type\":\"EntryPoint\",\"urlTemplate\":\"https:\\\/\\\/www.bardeni.es\\\/en\\\/?s={search_term_string}\"},\"query-input\":{\"@type\":\"PropertyValueSpecification\",\"valueRequired\":true,\"valueName\":\"search_term_string\"}}],\"inLanguage\":\"en-US\"}]}<\/script>\n<!-- \/ Yoast SEO plugin. -->","yoast_head_json":{"title":"Home - Bardeni el Meatbar","robots":{"index":"index","follow":"follow","max-snippet":"max-snippet:-1","max-image-preview":"max-image-preview:large","max-video-preview":"max-video-preview:-1"},"canonical":"https:\/\/www.bardeni.es\/en\/","og_locale":"en_US","og_type":"article","og_title":"Home - Bardeni el Meatbar","og_description":"[vc_row full_width=&#8221;stretch_row_content_no_spaces&#8221; bg_color_select=&#8221;black&#8221; theme_section=&#8221;displaced-top&#8221;][vc_column][\/vc_column][\/vc_row][vc_section full_width=&#8221;stretch_row&#8221; text_align=&#8221;center-sm-ms&#8221;][vc_row full_width=&#8221;stretch_row_content_no_spaces&#8221; equal_height=&#8221;yes&#8221; bg_color_select=&#8221;gray&#8221;][vc_column css=&#8221;.vc_custom_1590702701129{background-image: url(https:\/\/www.bardeni.es\/wp-content\/uploads\/2019\/12\/black-waves.png?id=12152) !important;}&#8221; offset=&#8221;vc_col-lg-6 vc_col-md-7&#8243;][vc_empty_space][\/vc_column][vc_column width=&#8221;1\/2&#8243; theme_section=&#8221;ltx-mouse-move&#8221; css=&#8221;.vc_custom_1684832337406{background-image: url(https:\/\/www.bardeni.es\/wp-content\/uploads\/2023\/05\/puerta-bardeni-2.jpg?id=17709) !important;background-position: center !important;background-repeat: no-repeat !important;background-size: cover !important;}&#8221; offset=&#8221;vc_col-lg-6 vc_col-md-5&#8243;][\/vc_column][\/vc_row][\/vc_section][vc_section full_width=&#8221;stretch_row&#8221; text_align=&#8221;center-sm-ms&#8221; el_id=&#8221;qui-som-home&#8221;][vc_row full_width=&#8221;stretch_row_content_no_spaces&#8221; equal_height=&#8221;yes&#8221; bg_color_select=&#8221;gray&#8221;][vc_column width=&#8221;1\/2&#8243; theme_section=&#8221;ltx-mouse-move&#8221; css=&#8221;.vc_custom_1593625927142{background-position: center !important;background-repeat: no-repeat !important;background-size: contain !important;}&#8221; offset=&#8221;vc_col-lg-6 vc_col-md-5 vc_col-xs-12&#8243;][vc_single_image image=&#8221;18214&#8243; img_size=&#8221;large&#8221; css_animation=&#8221;fadeInLeft&#8221;][vc_column_text] Dani Lechuga Meat Treatment Award 2024 \/ Chef of the year 2011 \/ Young chef 2010 [\/vc_column_text][\/vc_column][vc_column bg_color_select=&#8221;gray&#8221; css=&#8221;.vc_custom_1574702720696{background-image: url(https:\/\/www.bardeni.es\/wp-content\/uploads\/2019\/11\/meat_BG_lines_big-005.png?id=11438) !important;}&#8221; offset=&#8221;vc_col-lg-6 vc_col-md-7&#8243;][\/vc_column][\/vc_row][\/vc_section][vc_section text_align=&#8221;center&#8221; css=&#8221;.vc_custom_1590795466452{background-image: url(https:\/\/www.bardeni.es\/wp-content\/uploads\/2019\/12\/price-bg.png?id=12212) !important;background-position: center !important;background-repeat: no-repeat !important;background-size: cover !important;}&#8221;][vc_row full_width=&#8221;stretch_row_content&#8221; css=&#8221;.vc_custom_1591215026765{margin-bottom: 60px !important;}&#8221;][vc_column width=&#8221;1\/4&#8243;][vc_column_text] Awarded by Acad\u00e8mia Catalana de gastronomia. [\/vc_column_text][\/vc_column][vc_column width=&#8221;1\/4&#8243;][vc_column_text] Awarded in Girona by\u00a0El Peri\u00f3dico during the F\u00f2rum Gastron\u00f2mic [\/vc_column_text][\/vc_column][vc_column width=&#8221;1\/4&#8243;][vc_column_text] Book write by Dani Lechuga, RBA [\/vc_column_text][\/vc_column][vc_column width=&#8221;1\/4&#8243;][vc_column_text] People say we have the best meat dish in town #Barcelona #SagradaFamilia [\/vc_column_text][\/vc_column][\/vc_row][\/vc_section][vc_section theme_section=&#8221;ltx-banners-grid&#8221; el_id=&#8221;options-cta&#8221;][vc_row full_width=&#8221;stretch_row_content_no_spaces&#8221; equal_height=&#8221;yes&#8221; content_placement=&#8221;middle&#8221; el_id=&#8221;banner-carta-emportar&#8221;][vc_column bg_overlay=&#8221;black&#8221; text_align=&#8221;right&#8221; css=&#8221;.vc_custom_1590710648639{background-image: url(https:\/\/www.bardeni.es\/wp-content\/uploads\/2020\/05\/steak-tartar.jpg?id=12573) !important;background-position: center !important;background-repeat: no-repeat [&hellip;]","og_url":"https:\/\/www.bardeni.es\/en\/","og_site_name":"Bardeni el Meatbar","article_modified_time":"2026-03-20T08:58:55+00:00","twitter_card":"summary_large_image","twitter_misc":{"Est. reading time":"4 minutes"},"schema":{"@context":"https:\/\/schema.org","@graph":[{"@type":"WebPage","@id":"https:\/\/www.bardeni.es\/en\/","url":"https:\/\/www.bardeni.es\/en\/","name":"Home - Bardeni el Meatbar","isPartOf":{"@id":"https:\/\/www.bardeni.es\/en\/#website"},"datePublished":"2019-01-30T20:21:33+00:00","dateModified":"2026-03-20T08:58:55+00:00","breadcrumb":{"@id":"https:\/\/www.bardeni.es\/en\/#breadcrumb"},"inLanguage":"en-US","potentialAction":[{"@type":"ReadAction","target":["https:\/\/www.bardeni.es\/en\/"]}]},{"@type":"BreadcrumbList","@id":"https:\/\/www.bardeni.es\/en\/#breadcrumb","itemListElement":[{"@type":"ListItem","position":1,"name":"Inici","item":"https:\/\/www.bardeni.es\/en\/"},{"@type":"ListItem","position":2,"name":"Home"}]},{"@type":"WebSite","@id":"https:\/\/www.bardeni.es\/en\/#website","url":"https:\/\/www.bardeni.es\/en\/","name":"Bardeni el Meatbar","description":"Bardeni","potentialAction":[{"@type":"SearchAction","target":{"@type":"EntryPoint","urlTemplate":"https:\/\/www.bardeni.es\/en\/?s={search_term_string}"},"query-input":{"@type":"PropertyValueSpecification","valueRequired":true,"valueName":"search_term_string"}}],"inLanguage":"en-US"}]}},"_links":{"self":[{"href":"https:\/\/www.bardeni.es\/en\/wp-json\/wp\/v2\/pages\/12995","targetHints":{"allow":["GET"]}}],"collection":[{"href":"https:\/\/www.bardeni.es\/en\/wp-json\/wp\/v2\/pages"}],"about":[{"href":"https:\/\/www.bardeni.es\/en\/wp-json\/wp\/v2\/types\/page"}],"author":[{"embeddable":true,"href":"https:\/\/www.bardeni.es\/en\/wp-json\/wp\/v2\/users\/1"}],"replies":[{"embeddable":true,"href":"https:\/\/www.bardeni.es\/en\/wp-json\/wp\/v2\/comments?post=12995"}],"version-history":[{"count":57,"href":"https:\/\/www.bardeni.es\/en\/wp-json\/wp\/v2\/pages\/12995\/revisions"}],"predecessor-version":[{"id":19054,"href":"https:\/\/www.bardeni.es\/en\/wp-json\/wp\/v2\/pages\/12995\/revisions\/19054"}],"wp:attachment":[{"href":"https:\/\/www.bardeni.es\/en\/wp-json\/wp\/v2\/media?parent=12995"}],"curies":[{"name":"wp","href":"https:\/\/api.w.org\/{rel}","templated":true}]}}