{"id":13668,"date":"2020-06-12T15:55:26","date_gmt":"2020-06-12T15:55:26","guid":{"rendered":"https:\/\/www.bardeni.es\/?page_id=13668"},"modified":"2020-06-12T16:02:13","modified_gmt":"2020-06-12T16:02:13","slug":"politica-de-privacitat","status":"publish","type":"page","link":"https:\/\/www.bardeni.es\/ca\/politica-de-privacitat\/","title":{"rendered":"Pol\u00edtica de privacitat"},"content":{"rendered":"<p>[vc_row][vc_column width=&#8221;1\/6&#8243;][\/vc_column][vc_column width=&#8221;4\/6&#8243;][vc_column_text]<\/p>\r\n<p><strong>RESPONSABLE<\/strong><\/p>\r\n<!-- \/wp:post-content -->\r\n<p><!-- wp:paragraph -->L&#8217;empresa responsable de l&#8217;\u00fas de les dades personals \u00e9s CALDENI, S.L. (en endavant BARDENI), carrer Val\u00e8ncia 452, baixos, 08013 Barcelona, amb CIF B-63899462.\u00a0 Amb correu electr\u00f2nic: info@caldeni.com<\/p>\r\n<p>&nbsp;<\/p>\r\n<!-- \/wp:paragraph -->Tamb\u00e9 tenen dret a accedir a les dades personals, aix\u00ed com a sol\u00b7licitar la rectificaci\u00f3 de les dades inexactes o, si escau, sol\u00b7licitar la seva supressi\u00f3 quan, entre altres motius, les dades ja no siguin necess\u00e0ries per a les finalitats que van ser recollides.<\/p>\r\n<p><!-- wp:paragraph -->Si desitgen fer \u00fas de qualsevol dels seus drets poden dirigir-se a nosaltres a trav\u00e9s dels enlla\u00e7os habilitats que trobar\u00e0 en els correus electr\u00f2nics de BARDENI. Tamb\u00e9 pot posar-nos en contacte amb nosaltres a trav\u00e9s del correu electr\u00f2nic info@caldeni.com o per correu postal a la seg\u00fcent adre\u00e7a: Caldeni, SL, c\/Valencia 452, Baixos, 08013 Barcelona, Espanya. Indicant nom, cognoms, correu electr\u00f2nic i motiu de l\u2019escrit.<\/p>\r\n<p>&nbsp;<\/p>\r\n<p><!-- wp:paragraph -->Versi\u00f3 11 de juny de 2020<\/p>\r\n<p>[\/vc_column_text][\/vc_column][vc_column width=&#8221;1\/6&#8243;][\/vc_column][\/vc_row]<\/p><!-- \/wp:paragraph --><!-- \/wp:paragraph -->\r\n<p><!-- wp:paragraph -->Tamb\u00e9 tenen dret a accedir a les dades personals, aix\u00ed com a sol\u00b7licitar la rectificaci\u00f3 de les dades inexactes o, si escau, sol\u00b7licitar la seva supressi\u00f3 quan, entre altres motius, les dades ja no siguin necess\u00e0ries per a les finalitats que van ser recollides.<\/p>\r\n<p><!-- wp:paragraph -->Si desitgen fer \u00fas de qualsevol dels seus drets poden dirigir-se a nosaltres a trav\u00e9s dels enlla\u00e7os habilitats que trobar\u00e0 en els correus electr\u00f2nics de BARDENI. Tamb\u00e9 pot posar-nos en contacte amb nosaltres a trav\u00e9s del correu electr\u00f2nic info@caldeni.com o per correu postal a la seg\u00fcent adre\u00e7a: Caldeni, SL, c\/Valencia 452, Baixos, 08013 Barcelona, Espanya. Indicant nom, cognoms, correu electr\u00f2nic i motiu de l\u2019escrit.<\/p>\r\n<p>&nbsp;<\/p>\r\n<p><!-- wp:paragraph -->Versi\u00f3 11 de juny de 2020<\/p>\r\n<p>[\/vc_column_text][\/vc_column][vc_column width=&#8221;1\/6&#8243;][\/vc_column][\/vc_row]<\/p><!-- \/wp:post-content --><!-- \/wp:paragraph -->\r\n<p><!-- wp:paragraph --><strong>DRETS<\/strong><\/p>\r\n<p><!-- wp:paragraph -->En facilitar-nos les seves dades, tenen dret a obtenir confirmaci\u00f3 sobre si estem tractant dades personals que els concerneixen o no.<\/p>\r\n<!-- \/wp:paragraph -->\r\n<p><!-- wp:paragraph -->Tamb\u00e9 tenen dret a accedir a les dades personals, aix\u00ed com a sol\u00b7licitar la rectificaci\u00f3 de les dades inexactes o, si escau, sol\u00b7licitar la seva supressi\u00f3 quan, entre altres motius, les dades ja no siguin necess\u00e0ries per a les finalitats que van ser recollides.<\/p>\r\n<p><!-- wp:paragraph -->Si desitgen fer \u00fas de qualsevol dels seus drets poden dirigir-se a nosaltres a trav\u00e9s dels enlla\u00e7os habilitats que trobar\u00e0 en els correus electr\u00f2nics de BARDENI. Tamb\u00e9 pot posar-nos en contacte amb nosaltres a trav\u00e9s del correu electr\u00f2nic info@caldeni.com o per correu postal a la seg\u00fcent adre\u00e7a: Caldeni, SL, c\/Valencia 452, Baixos, 08013 Barcelona, Espanya. Indicant nom, cognoms, correu electr\u00f2nic i motiu de l\u2019escrit.<\/p>\r\n<p>&nbsp;<\/p>\r\n<p><!-- wp:paragraph -->Versi\u00f3 11 de juny de 2020<\/p>\r\n<p>[\/vc_column_text][\/vc_column][vc_column width=&#8221;1\/6&#8243;][\/vc_column][\/vc_row]<\/p><!-- \/wp:post-content --><!-- \/wp:paragraph -->\r\n<p><!-- wp:paragraph --><strong>CESSAMENT DE DADES A TERCERS<\/strong><\/p>\r\n<p><!-- wp:paragraph -->Les dades que ens facilitin no seran utilitzades per terceres parts. Excepte en els casos en qu\u00e8 sigui requerit per alguna q\u00fcesti\u00f3 legal per defensar els interessos de la societat.<\/p>\r\n<p>&nbsp;<\/p>\r\n<!-- \/wp:paragraph -->\r\n<p><!-- wp:paragraph --><strong>DRETS<\/strong><\/p>\r\n<p><!-- wp:paragraph -->En facilitar-nos les seves dades, tenen dret a obtenir confirmaci\u00f3 sobre si estem tractant dades personals que els concerneixen o no.<\/p>\r\n<!-- \/wp:paragraph -->\r\n<p><!-- wp:paragraph -->Tamb\u00e9 tenen dret a accedir a les dades personals, aix\u00ed com a sol\u00b7licitar la rectificaci\u00f3 de les dades inexactes o, si escau, sol\u00b7licitar la seva supressi\u00f3 quan, entre altres motius, les dades ja no siguin necess\u00e0ries per a les finalitats que van ser recollides.<\/p>\r\n<p><!-- wp:paragraph -->Si desitgen fer \u00fas de qualsevol dels seus drets poden dirigir-se a nosaltres a trav\u00e9s dels enlla\u00e7os habilitats que trobar\u00e0 en els correus electr\u00f2nics de BARDENI. Tamb\u00e9 pot posar-nos en contacte amb nosaltres a trav\u00e9s del correu electr\u00f2nic info@caldeni.com o per correu postal a la seg\u00fcent adre\u00e7a: Caldeni, SL, c\/Valencia 452, Baixos, 08013 Barcelona, Espanya. Indicant nom, cognoms, correu electr\u00f2nic i motiu de l\u2019escrit.<\/p>\r\n<p>&nbsp;<\/p>\r\n<p><!-- wp:paragraph -->Versi\u00f3 11 de juny de 2020<\/p>\r\n<p>[\/vc_column_text][\/vc_column][vc_column width=&#8221;1\/6&#8243;][\/vc_column][\/vc_row]<\/p><!-- \/wp:post-content --><!-- \/wp:paragraph -->\r\n<p><!-- wp:paragraph --><strong>PER\u00cdODE DE RETENCI\u00d3 DE DADES<\/strong><\/p>\r\n<p><!-- wp:paragraph -->Les dades es conservaran durant la vig\u00e8ncia de la relaci\u00f3 comercial o si sol\u00b7licita la seva supressi\u00f3, aix\u00ed com el temps necessari per complir amb les obligacions legals.<\/p>\r\n<p>&nbsp;<\/p>\r\n<!-- \/wp:paragraph -->\r\n<p><!-- wp:paragraph --><strong>CESSAMENT DE DADES A TERCERS<\/strong><\/p>\r\n<p><!-- wp:paragraph -->Les dades que ens facilitin no seran utilitzades per terceres parts. Excepte en els casos en qu\u00e8 sigui requerit per alguna q\u00fcesti\u00f3 legal per defensar els interessos de la societat.<\/p>\r\n<p>&nbsp;<\/p>\r\n<!-- \/wp:paragraph -->\r\n<p><!-- wp:paragraph --><strong>DRETS<\/strong><\/p>\r\n<p><!-- wp:paragraph -->En facilitar-nos les seves dades, tenen dret a obtenir confirmaci\u00f3 sobre si estem tractant dades personals que els concerneixen o no.<\/p>\r\n<!-- \/wp:paragraph -->\r\n<p><!-- wp:paragraph -->Tamb\u00e9 tenen dret a accedir a les dades personals, aix\u00ed com a sol\u00b7licitar la rectificaci\u00f3 de les dades inexactes o, si escau, sol\u00b7licitar la seva supressi\u00f3 quan, entre altres motius, les dades ja no siguin necess\u00e0ries per a les finalitats que van ser recollides.<\/p>\r\n<p><!-- wp:paragraph -->Si desitgen fer \u00fas de qualsevol dels seus drets poden dirigir-se a nosaltres a trav\u00e9s dels enlla\u00e7os habilitats que trobar\u00e0 en els correus electr\u00f2nics de BARDENI. Tamb\u00e9 pot posar-nos en contacte amb nosaltres a trav\u00e9s del correu electr\u00f2nic info@caldeni.com o per correu postal a la seg\u00fcent adre\u00e7a: Caldeni, SL, c\/Valencia 452, Baixos, 08013 Barcelona, Espanya. Indicant nom, cognoms, correu electr\u00f2nic i motiu de l\u2019escrit.<\/p>\r\n<p>&nbsp;<\/p>\r\n<p><!-- wp:paragraph -->Versi\u00f3 11 de juny de 2020<\/p>\r\n<p>[\/vc_column_text][\/vc_column][vc_column width=&#8221;1\/6&#8243;][\/vc_column][\/vc_row]<\/p><!-- \/wp:post-content --><!-- \/wp:paragraph -->\r\n<p><!-- wp:paragraph --><strong>FINALITATS<\/strong><\/p>\r\n<p><!-- wp:paragraph -->En compliment del que estableix el Reglament Europeu 2016\/679 general de protecci\u00f3 de dades, BARDENI processa les dades facilitades per a les finalitats seg\u00fcents:<\/p>\r\n<ul>\r\n<li>Subscriu-te a la nostra newsletter, per estar informat de les nostres novetats, proporcionant el nom, cognoms i una adre\u00e7a de correu electr\u00f2nic<\/li>\r\n<li>Compra dels nostres productes a trav\u00e9s de la botiga online, proporcionant nom, cognoms, adre\u00e7a postal, tel\u00e8fon i correu electr\u00f2nic.<\/li>\r\n<\/ul>\r\n<p>&nbsp;<\/p>\r\n<!-- \/wp:paragraph -->\r\n<p><!-- wp:paragraph --><strong>PER\u00cdODE DE RETENCI\u00d3 DE DADES<\/strong><\/p>\r\n<p><!-- wp:paragraph -->Les dades es conservaran durant la vig\u00e8ncia de la relaci\u00f3 comercial o si sol\u00b7licita la seva supressi\u00f3, aix\u00ed com el temps necessari per complir amb les obligacions legals.<\/p>\r\n<p>&nbsp;<\/p>\r\n<!-- \/wp:paragraph -->\r\n<p><!-- wp:paragraph --><strong>CESSAMENT DE DADES A TERCERS<\/strong><\/p>\r\n<p><!-- wp:paragraph -->Les dades que ens facilitin no seran utilitzades per terceres parts. Excepte en els casos en qu\u00e8 sigui requerit per alguna q\u00fcesti\u00f3 legal per defensar els interessos de la societat.<\/p>\r\n<p>&nbsp;<\/p>\r\n<!-- \/wp:paragraph -->\r\n<p><!-- wp:paragraph --><strong>DRETS<\/strong><\/p>\r\n<p><!-- wp:paragraph -->En facilitar-nos les seves dades, tenen dret a obtenir confirmaci\u00f3 sobre si estem tractant dades personals que els concerneixen o no.<\/p>\r\n<!-- \/wp:paragraph -->\r\n<p><!-- wp:paragraph -->Tamb\u00e9 tenen dret a accedir a les dades personals, aix\u00ed com a sol\u00b7licitar la rectificaci\u00f3 de les dades inexactes o, si escau, sol\u00b7licitar la seva supressi\u00f3 quan, entre altres motius, les dades ja no siguin necess\u00e0ries per a les finalitats que van ser recollides.<\/p>\r\n<p><!-- wp:paragraph -->Si desitgen fer \u00fas de qualsevol dels seus drets poden dirigir-se a nosaltres a trav\u00e9s dels enlla\u00e7os habilitats que trobar\u00e0 en els correus electr\u00f2nics de BARDENI. Tamb\u00e9 pot posar-nos en contacte amb nosaltres a trav\u00e9s del correu electr\u00f2nic info@caldeni.com o per correu postal a la seg\u00fcent adre\u00e7a: Caldeni, SL, c\/Valencia 452, Baixos, 08013 Barcelona, Espanya. Indicant nom, cognoms, correu electr\u00f2nic i motiu de l\u2019escrit.<\/p>\r\n<p>&nbsp;<\/p>\r\n<p><!-- wp:paragraph -->Versi\u00f3 11 de juny de 2020<\/p>\r\n<p>[\/vc_column_text][\/vc_column][vc_column width=&#8221;1\/6&#8243;][\/vc_column][\/vc_row]<\/p><!-- \/wp:post-content -->","protected":false},"excerpt":{"rendered":"<p>[vc_row][vc_column width=&#8221;1\/6&#8243;][\/vc_column][vc_column width=&#8221;4\/6&#8243;][vc_column_text] RESPONSABLE L&#8217;empresa responsable de l&#8217;\u00fas de les dades personals \u00e9s CALDENI, S.L. (en endavant BARDENI), carrer Val\u00e8ncia 452, baixos, 08013 Barcelona, amb CIF B-63899462.\u00a0 Amb correu electr\u00f2nic: info@caldeni.com &nbsp; Tamb\u00e9 tenen dret a accedir a les dades personals, aix\u00ed com a sol\u00b7licitar la rectificaci\u00f3 de les dades inexactes o, si escau, sol\u00b7licitar la seva supressi\u00f3 quan, entre altres motius, les dades ja no siguin necess\u00e0ries per a les finalitats que van ser recollides. Si desitgen fer \u00fas de qualsevol dels seus drets poden dirigir-se a nosaltres a trav\u00e9s dels enlla\u00e7os habilitats que trobar\u00e0 en els correus electr\u00f2nics de BARDENI. Tamb\u00e9 pot posar-nos en contacte amb nosaltres a trav\u00e9s del correu electr\u00f2nic info@caldeni.com o per correu postal a la seg\u00fcent adre\u00e7a: Caldeni, SL, c\/Valencia 452, Baixos, 08013 Barcelona, Espanya. Indicant nom, cognoms, correu electr\u00f2nic i motiu de l\u2019escrit. [&hellip;]<\/p>\n","protected":false},"author":1,"featured_media":0,"parent":0,"menu_order":0,"comment_status":"closed","ping_status":"closed","template":"","meta":{"footnotes":""},"class_list":["post-13668","page","type-page","status-publish","hentry"],"yoast_head":"<!-- This site is optimized with the Yoast SEO plugin v27.5 - https:\/\/yoast.com\/product\/yoast-seo-wordpress\/ -->\n<title>Pol\u00edtica de privacitat - Bardeni el Meatbar<\/title>\n<meta name=\"robots\" content=\"index, follow, max-snippet:-1, max-image-preview:large, max-video-preview:-1\" \/>\n<link rel=\"canonical\" href=\"https:\/\/www.bardeni.es\/ca\/politica-de-privacitat\/\" \/>\n<meta property=\"og:locale\" content=\"ca_ES\" \/>\n<meta property=\"og:type\" content=\"article\" \/>\n<meta property=\"og:title\" content=\"Pol\u00edtica de privacitat - Bardeni el Meatbar\" \/>\n<meta property=\"og:description\" content=\"[vc_row][vc_column width=&#8221;1\/6&#8243;][\/vc_column][vc_column width=&#8221;4\/6&#8243;][vc_column_text] RESPONSABLE L&#8217;empresa responsable de l&#8217;\u00fas de les dades personals \u00e9s CALDENI, S.L. (en endavant BARDENI), carrer Val\u00e8ncia 452, baixos, 08013 Barcelona, amb CIF B-63899462.\u00a0 Amb correu electr\u00f2nic: info@caldeni.com &nbsp; Tamb\u00e9 tenen dret a accedir a les dades personals, aix\u00ed com a sol\u00b7licitar la rectificaci\u00f3 de les dades inexactes o, si escau, sol\u00b7licitar la seva supressi\u00f3 quan, entre altres motius, les dades ja no siguin necess\u00e0ries per a les finalitats que van ser recollides. Si desitgen fer \u00fas de qualsevol dels seus drets poden dirigir-se a nosaltres a trav\u00e9s dels enlla\u00e7os habilitats que trobar\u00e0 en els correus electr\u00f2nics de BARDENI. Tamb\u00e9 pot posar-nos en contacte amb nosaltres a trav\u00e9s del correu electr\u00f2nic info@caldeni.com o per correu postal a la seg\u00fcent adre\u00e7a: Caldeni, SL, c\/Valencia 452, Baixos, 08013 Barcelona, Espanya. Indicant nom, cognoms, correu electr\u00f2nic i motiu de l\u2019escrit. [&hellip;]\" \/>\n<meta property=\"og:url\" content=\"https:\/\/www.bardeni.es\/ca\/politica-de-privacitat\/\" \/>\n<meta property=\"og:site_name\" content=\"Bardeni el Meatbar\" \/>\n<meta property=\"article:modified_time\" content=\"2020-06-12T16:02:13+00:00\" \/>\n<meta name=\"twitter:card\" content=\"summary_large_image\" \/>\n<meta name=\"twitter:label1\" content=\"Temps estimat de lectura\" \/>\n\t<meta name=\"twitter:data1\" content=\"2 minuts\" \/>\n<script type=\"application\/ld+json\" class=\"yoast-schema-graph\">{\"@context\":\"https:\\\/\\\/schema.org\",\"@graph\":[{\"@type\":\"WebPage\",\"@id\":\"https:\\\/\\\/www.bardeni.es\\\/ca\\\/politica-de-privacitat\\\/\",\"url\":\"https:\\\/\\\/www.bardeni.es\\\/ca\\\/politica-de-privacitat\\\/\",\"name\":\"Pol\u00edtica de privacitat - Bardeni el Meatbar\",\"isPartOf\":{\"@id\":\"https:\\\/\\\/www.bardeni.es\\\/ca\\\/#website\"},\"datePublished\":\"2020-06-12T15:55:26+00:00\",\"dateModified\":\"2020-06-12T16:02:13+00:00\",\"breadcrumb\":{\"@id\":\"https:\\\/\\\/www.bardeni.es\\\/ca\\\/politica-de-privacitat\\\/#breadcrumb\"},\"inLanguage\":\"ca\",\"potentialAction\":[{\"@type\":\"ReadAction\",\"target\":[\"https:\\\/\\\/www.bardeni.es\\\/ca\\\/politica-de-privacitat\\\/\"]}]},{\"@type\":\"BreadcrumbList\",\"@id\":\"https:\\\/\\\/www.bardeni.es\\\/ca\\\/politica-de-privacitat\\\/#breadcrumb\",\"itemListElement\":[{\"@type\":\"ListItem\",\"position\":1,\"name\":\"Inici\",\"item\":\"https:\\\/\\\/www.bardeni.es\\\/ca\\\/\"},{\"@type\":\"ListItem\",\"position\":2,\"name\":\"Pol\u00edtica de privacitat\"}]},{\"@type\":\"WebSite\",\"@id\":\"https:\\\/\\\/www.bardeni.es\\\/ca\\\/#website\",\"url\":\"https:\\\/\\\/www.bardeni.es\\\/ca\\\/\",\"name\":\"Bardeni el Meatbar\",\"description\":\"Bardeni\",\"potentialAction\":[{\"@type\":\"SearchAction\",\"target\":{\"@type\":\"EntryPoint\",\"urlTemplate\":\"https:\\\/\\\/www.bardeni.es\\\/ca\\\/?s={search_term_string}\"},\"query-input\":{\"@type\":\"PropertyValueSpecification\",\"valueRequired\":true,\"valueName\":\"search_term_string\"}}],\"inLanguage\":\"ca\"}]}<\/script>\n<!-- \/ Yoast SEO plugin. -->","yoast_head_json":{"title":"Pol\u00edtica de privacitat - Bardeni el Meatbar","robots":{"index":"index","follow":"follow","max-snippet":"max-snippet:-1","max-image-preview":"max-image-preview:large","max-video-preview":"max-video-preview:-1"},"canonical":"https:\/\/www.bardeni.es\/ca\/politica-de-privacitat\/","og_locale":"ca_ES","og_type":"article","og_title":"Pol\u00edtica de privacitat - Bardeni el Meatbar","og_description":"[vc_row][vc_column width=&#8221;1\/6&#8243;][\/vc_column][vc_column width=&#8221;4\/6&#8243;][vc_column_text] RESPONSABLE L&#8217;empresa responsable de l&#8217;\u00fas de les dades personals \u00e9s CALDENI, S.L. (en endavant BARDENI), carrer Val\u00e8ncia 452, baixos, 08013 Barcelona, amb CIF B-63899462.\u00a0 Amb correu electr\u00f2nic: info@caldeni.com &nbsp; Tamb\u00e9 tenen dret a accedir a les dades personals, aix\u00ed com a sol\u00b7licitar la rectificaci\u00f3 de les dades inexactes o, si escau, sol\u00b7licitar la seva supressi\u00f3 quan, entre altres motius, les dades ja no siguin necess\u00e0ries per a les finalitats que van ser recollides. Si desitgen fer \u00fas de qualsevol dels seus drets poden dirigir-se a nosaltres a trav\u00e9s dels enlla\u00e7os habilitats que trobar\u00e0 en els correus electr\u00f2nics de BARDENI. Tamb\u00e9 pot posar-nos en contacte amb nosaltres a trav\u00e9s del correu electr\u00f2nic info@caldeni.com o per correu postal a la seg\u00fcent adre\u00e7a: Caldeni, SL, c\/Valencia 452, Baixos, 08013 Barcelona, Espanya. Indicant nom, cognoms, correu electr\u00f2nic i motiu de l\u2019escrit. [&hellip;]","og_url":"https:\/\/www.bardeni.es\/ca\/politica-de-privacitat\/","og_site_name":"Bardeni el Meatbar","article_modified_time":"2020-06-12T16:02:13+00:00","twitter_card":"summary_large_image","twitter_misc":{"Temps estimat de lectura":"2 minuts"},"schema":{"@context":"https:\/\/schema.org","@graph":[{"@type":"WebPage","@id":"https:\/\/www.bardeni.es\/ca\/politica-de-privacitat\/","url":"https:\/\/www.bardeni.es\/ca\/politica-de-privacitat\/","name":"Pol\u00edtica de privacitat - Bardeni el Meatbar","isPartOf":{"@id":"https:\/\/www.bardeni.es\/ca\/#website"},"datePublished":"2020-06-12T15:55:26+00:00","dateModified":"2020-06-12T16:02:13+00:00","breadcrumb":{"@id":"https:\/\/www.bardeni.es\/ca\/politica-de-privacitat\/#breadcrumb"},"inLanguage":"ca","potentialAction":[{"@type":"ReadAction","target":["https:\/\/www.bardeni.es\/ca\/politica-de-privacitat\/"]}]},{"@type":"BreadcrumbList","@id":"https:\/\/www.bardeni.es\/ca\/politica-de-privacitat\/#breadcrumb","itemListElement":[{"@type":"ListItem","position":1,"name":"Inici","item":"https:\/\/www.bardeni.es\/ca\/"},{"@type":"ListItem","position":2,"name":"Pol\u00edtica de privacitat"}]},{"@type":"WebSite","@id":"https:\/\/www.bardeni.es\/ca\/#website","url":"https:\/\/www.bardeni.es\/ca\/","name":"Bardeni el Meatbar","description":"Bardeni","potentialAction":[{"@type":"SearchAction","target":{"@type":"EntryPoint","urlTemplate":"https:\/\/www.bardeni.es\/ca\/?s={search_term_string}"},"query-input":{"@type":"PropertyValueSpecification","valueRequired":true,"valueName":"search_term_string"}}],"inLanguage":"ca"}]}},"_links":{"self":[{"href":"https:\/\/www.bardeni.es\/ca\/wp-json\/wp\/v2\/pages\/13668","targetHints":{"allow":["GET"]}}],"collection":[{"href":"https:\/\/www.bardeni.es\/ca\/wp-json\/wp\/v2\/pages"}],"about":[{"href":"https:\/\/www.bardeni.es\/ca\/wp-json\/wp\/v2\/types\/page"}],"author":[{"embeddable":true,"href":"https:\/\/www.bardeni.es\/ca\/wp-json\/wp\/v2\/users\/1"}],"replies":[{"embeddable":true,"href":"https:\/\/www.bardeni.es\/ca\/wp-json\/wp\/v2\/comments?post=13668"}],"version-history":[{"count":8,"href":"https:\/\/www.bardeni.es\/ca\/wp-json\/wp\/v2\/pages\/13668\/revisions"}],"predecessor-version":[{"id":13676,"href":"https:\/\/www.bardeni.es\/ca\/wp-json\/wp\/v2\/pages\/13668\/revisions\/13676"}],"wp:attachment":[{"href":"https:\/\/www.bardeni.es\/ca\/wp-json\/wp\/v2\/media?parent=13668"}],"curies":[{"name":"wp","href":"https:\/\/api.w.org\/{rel}","templated":true}]}}